{"id":95,"date":"2025-05-06T11:15:58","date_gmt":"2025-05-06T09:15:58","guid":{"rendered":"https:\/\/cybertemplar.fr\/?page_id=95"},"modified":"2025-05-06T11:15:58","modified_gmt":"2025-05-06T09:15:58","slug":"chez-les-pme-et-les-petites-collectivites","status":"publish","type":"page","link":"https:\/\/cybertemplar.fr\/?page_id=95","title":{"rendered":"Chez les PME et les petites collectivit\u00e9s"},"content":{"rendered":"\n<h3 class=\"wp-block-heading\">Au vu de l&#8217;augmentations consid\u00e9rables des attaques sur les PME et collectivit\u00e9s territoriales en France, l&#8217;ANSSI en au venu \u00e0 cr\u00e9er une nouvelle directive pour les prot\u00e9ger : <mark style=\"background-color:rgba(0, 0, 0, 0)\" class=\"has-inline-color has-cyan-color\">NIS2<\/mark><\/h3>\n\n\n\n<h2 class=\"wp-block-heading\">Pourquoi cette nouvelle directive ?<\/h2>\n\n\n\n<figure class=\"wp-block-image aligncenter size-full\"><img loading=\"lazy\" decoding=\"async\" width=\"754\" height=\"461\" src=\"https:\/\/cybertemplar.fr\/wp-content\/uploads\/2025\/05\/Capture-decran-2025-05-06-105518.png\" alt=\"\" class=\"wp-image-109\" srcset=\"https:\/\/cybertemplar.fr\/wp-content\/uploads\/2025\/05\/Capture-decran-2025-05-06-105518.png 754w, https:\/\/cybertemplar.fr\/wp-content\/uploads\/2025\/05\/Capture-decran-2025-05-06-105518-300x183.png 300w\" sizes=\"auto, (max-width: 754px) 100vw, 754px\" \/><figcaption class=\"wp-element-caption\"><mark style=\"background-color:rgba(0, 0, 0, 0)\" class=\"has-inline-color has-secondary-color\">Source :<\/mark> <a href=\"https:\/\/www.dailymotion.com\/video\/x8l50hd\">Vid\u00e9o ANSSI NIS2 <\/a><\/figcaption><\/figure>\n\n\n\n<pre class=\"wp-block-preformatted\">L'ANSSI a constat\u00e9 que depuis ces derni\u00e8res ann\u00e9es que les <mark style=\"background-color:rgba(0, 0, 0, 0)\" class=\"has-inline-color has-cyan-color\">PME et collectivit\u00e9s<\/mark> sont les plus touch\u00e9s. Ils constituent <mark style=\"background-color:rgba(0, 0, 0, 0)\" class=\"has-inline-color has-primary-color\">70%<\/mark> <mark style=\"background-color:rgba(0, 0, 0, 0)\" class=\"has-inline-color has-primary-color\">des attaques en 2022<\/mark> avec l'attaque de cha\u00eene qui est tr\u00e8s en vogue encore aujourd'hui et que les PME\/collectivit\u00e9s ne savent pas comment se d\u00e9fendre ni pr\u00e9venir cette attaque. <br>Pour r\u00e9pondre \u00e0 ce probl\u00e8me, l'ANSSI mets en place <mark style=\"background-color:rgba(0, 0, 0, 0)\" class=\"has-inline-color has-cyan-color\">NIS2<\/mark>.<\/pre>\n\n\n\n<h2 class=\"wp-block-heading has-foreground-color has-text-color has-link-color wp-elements-457ca2a7a8d57f7eb7f8747e2a80da60\"><mark style=\"background-color:rgba(0, 0, 0, 0)\" class=\"has-inline-color has-cyan-color\">NIS2 <\/mark><mark style=\"background-color:rgba(0, 0, 0, 0)\" class=\"has-inline-color has-foreground-color\">c&#8217;est quoi ?<\/mark><\/h2>\n\n\n\n<blockquote class=\"wp-block-quote is-layout-flow wp-block-quote-is-layout-flow\">\n<p class=\"has-medium-font-size\"><em>Alors que la menace cyber augmente et que les syst\u00e8mes d\u2019information restent pour partie vuln\u00e9rables, la directive NIS 2 (Network and Information Security), publi\u00e9e au Journal Officiel de l&#8217;Union europ\u00e9enne en d\u00e9cembre 2022, repr\u00e9sente une opportunit\u00e9 unique. Sa mise en application va permettre \u00e0 des milliers d\u2019entit\u00e9s qui concernent le quotidien des citoyens de mieux se prot\u00e9ger.<\/em><\/p>\n\n\n\n<p class=\"has-secondary-color has-text-color has-link-color wp-elements-492d0145027b0511da2bf50531b2d900\"><em>~ANSSI | <a href=\"https:\/\/cyber.gouv.fr\/la-directive-nis-2\">https:\/\/cyber.gouv.fr\/la-directive-nis-2<\/a><\/em><\/p>\n<\/blockquote>\n\n\n\n<pre class=\"wp-block-preformatted\">C'est un <mark style=\"background-color:rgba(0, 0, 0, 0)\" class=\"has-inline-color has-cyan-color\">ensemble d'obligation pour les PME et collectivit\u00e9<\/mark> en France pour renforcer leur <mark style=\"background-color:rgba(0, 0, 0, 0)\" class=\"has-inline-color has-primary-color\">cybers\u00e9curit\u00e9<\/mark>. La conformit\u00e9 est <strong>obligatoire <\/strong>pour les entreprises proposant des services \"vitaux\" <strong><mark style=\"background-color:rgba(0, 0, 0, 0)\" class=\"has-inline-color has-primary-color\">mais <\/mark><\/strong>elle ne devrait pas du tout \u00eatre n\u00e9glig\u00e9 par les autres PME. Avoir la certification <mark style=\"background-color:rgba(0, 0, 0, 0)\" class=\"has-inline-color has-cyan-color\">NIS2 <\/mark>permet de vous rendre plus l\u00e9gitime, d'inspirer confiance envers votre client\u00e8le et d'ouvrir le march\u00e9 europ\u00e9en.<\/pre>\n\n\n\n<h2 class=\"wp-block-heading\"><mark style=\"background-color:rgba(0, 0, 0, 0)\" class=\"has-inline-color has-cyan-color\">ISO-27001<\/mark> : la norme international<\/h2>\n\n\n\n<pre class=\"wp-block-preformatted\">Dans le m\u00eame but, nous avons aussi l'<mark style=\"background-color:rgba(0, 0, 0, 0)\" class=\"has-inline-color has-cyan-color\">ISO-27001<\/mark>, une directive qui s'applique \u00e0 <mark style=\"background-color:rgba(0, 0, 0, 0)\" class=\"has-inline-color has-primary-color\">toute taille d'entreprise<\/mark>, attestant que l'entreprise d\u00e9tenant la certification \u00e0 mis en place des moyens pour <strong>garantir la s\u00e9curit\u00e9 de leurs donn\u00e9es et des donn\u00e9es qu'ils sont amen\u00e9 \u00e0 traiter<\/strong>. Cette norme est <mark style=\"background-color:rgba(0, 0, 0, 0)\" class=\"has-inline-color has-primary-color\">international<\/mark>, ce qui veux dire qu'elle peut potentiellement vous donner une place sur le march\u00e9 mondial.<\/pre>\n\n\n\n<p>Il existe encore plein d&#8217;autres normes applicable dans diverses situations, pays, entreprises et continents. Elles n&#8217;ont pas toutes pour but de faire purement de la cyberd\u00e9fense, mais elles contribuent aussi \u00e0 am\u00e9liorer le milieu de travail, l&#8217;impact environnemental, etc&#8230;<\/p>\n\n\n\n<p><\/p>\n","protected":false},"excerpt":{"rendered":"<p>Au vu de l&#8217;augmentations consid\u00e9rables des attaques sur les PME et collectivit\u00e9s territoriales en France, [&hellip;]<\/p>\n","protected":false},"author":1,"featured_media":0,"parent":0,"menu_order":0,"comment_status":"closed","ping_status":"closed","template":"","meta":{"footnotes":""},"class_list":["post-95","page","type-page","status-publish","hentry"],"_links":{"self":[{"href":"https:\/\/cybertemplar.fr\/index.php?rest_route=\/wp\/v2\/pages\/95","targetHints":{"allow":["GET"]}}],"collection":[{"href":"https:\/\/cybertemplar.fr\/index.php?rest_route=\/wp\/v2\/pages"}],"about":[{"href":"https:\/\/cybertemplar.fr\/index.php?rest_route=\/wp\/v2\/types\/page"}],"author":[{"embeddable":true,"href":"https:\/\/cybertemplar.fr\/index.php?rest_route=\/wp\/v2\/users\/1"}],"replies":[{"embeddable":true,"href":"https:\/\/cybertemplar.fr\/index.php?rest_route=%2Fwp%2Fv2%2Fcomments&post=95"}],"version-history":[{"count":5,"href":"https:\/\/cybertemplar.fr\/index.php?rest_route=\/wp\/v2\/pages\/95\/revisions"}],"predecessor-version":[{"id":112,"href":"https:\/\/cybertemplar.fr\/index.php?rest_route=\/wp\/v2\/pages\/95\/revisions\/112"}],"wp:attachment":[{"href":"https:\/\/cybertemplar.fr\/index.php?rest_route=%2Fwp%2Fv2%2Fmedia&parent=95"}],"curies":[{"name":"wp","href":"https:\/\/api.w.org\/{rel}","templated":true}]}}